{"id":29,"date":"2017-04-03T23:15:59","date_gmt":"2017-04-03T21:15:59","guid":{"rendered":"http:\/\/bdi.dev:8888\/?page_id=29"},"modified":"2025-10-12T22:10:54","modified_gmt":"2025-10-12T20:10:54","slug":"start","status":"publish","type":"page","link":"https:\/\/www.bd-i.de\/en\/","title":{"rendered":"Start"},"content":{"rendered":"<div class=\"wpb-content-wrapper\"><div data-parent=\"true\" class=\"vc_row style-color-lxmt-bg row-container boomapps_vcrow\" id=\"row-unique-0\"><div class=\"row double-top-padding double-bottom-padding single-h-padding limit-width row-parent\"><div class=\"wpb_row row-inner\"><div class=\"wpb_column pos-top pos-center align_center column_parent col-lg-12 boomapps_vccolumn single-internal-gutter\"><div class=\"uncol style-light\"  ><div class=\"uncoltable\"><div class=\"uncell  boomapps_vccolumn\" ><div class=\"uncont no-block-padding col-custom-width\" style=\" max-width:75%;\" ><div class=\"vc_custom_heading_wrap \"><div class=\"heading-text el-text\" ><h2 class=\"h2\" ><span><a href=\"http:\/\/www.bd-i.de\/manifest\/\">What we do<\/a><\/span><\/h2><\/div><div class=\"clear\"><\/div><\/div><div class=\"divider-wrapper \"  >\n    <hr class=\"border-color-808879-color separator-no-padding\"  style=\"width: 5%;border-top-width: 4px;\" \/>\n<\/div>\n<div class=\"uncode_text_column\" ><p><strong>Das Beneficial Design Institute steht f\u00fcr einen positiven kulturellen Wandel, der Qualit\u00e4t, Innovation und Sch\u00f6nheit mit Nachhaltigkeit im globalen Kontext verbindet<i>.<\/i><\/strong><\/p>\n<p>Mit unserem ganzheitlichen Ansatz von geschlossenen Kreisl\u00e4ufen (Closed Loop und Circular Design Systems) im Sinne der Cradle to Cradle-Philosophie verbinden wir k\u00fcnstlerisch-wissenschaftliche Theorie mit Praxis. Wir erforschen, entwickeln und erproben ganzheitliche Innovationskonzepte, gestalten Mode, Textilien und Produkte vom Prototypen bis zur Serie, beraten und konzipieren. Wir verstehen uns au\u00dferdem als Netzwerker und Multiplikatoren und geben Impulse f\u00fcr Lehre und Weiterbildung.<\/p>\n<\/div><\/div><\/div><\/div><\/div><\/div><script id=\"script-row-unique-0\" data-row=\"script-row-unique-0\" type=\"text\/javascript\" class=\"vc_controls\">UNCODE.initRow(document.getElementById(\"row-unique-0\"));<\/script><\/div><\/div><\/div><div data-parent=\"true\" class=\"vc_row row-container boomapps_vcrow\" id=\"row-unique-1\"><div class=\"row limit-width row-parent\"><div class=\"wpb_row row-inner\"><div class=\"wpb_column pos-top pos-center align_center column_parent col-lg-12 boomapps_vccolumn single-internal-gutter\"><div class=\"uncol style-light\"  ><div class=\"uncoltable\"><div class=\"uncell  boomapps_vccolumn no-block-padding\" ><div class=\"uncont\" ><div class=\"vc_custom_heading_wrap \"><div class=\"heading-text el-text\" ><h2 class=\"font-377884 h5 font-weight-400 text-uppercase\" ><span><a href=\"http:\/\/www.bd-i.de\/projekte\/\">Projects<\/a><\/span><\/h2><\/div><div class=\"clear\"><\/div><\/div><div class=\"owl-carousel-wrapper\" >\n\t\t\t\t\t\t\t\t\t\t\t\t\t<div class=\"owl-carousel-container owl-carousel-loading single-gutter\" >\t\t\t\t\t\t\t\t\t\t\t\t<div id=\"index-208399\" class=\"owl-carousel owl-element owl-height-equal owl-dots-outside owl-dots-single-block-padding owl-dots-align-center\" data-dots=\"true\" data-navmobile=\"false\" data-navspeed=\"400\" data-autoplay=\"true\" data-timeout=\"5000\" data-stagepadding=\"0\" data-lg=\"1\" data-md=\"1\" data-sm=\"1\" data-vp-height=\"false\">\t\t\t<div class=\"tmb tmb-carousel atc-typography-inherit tmb-iso-h33 tmb-light tmb-text-showed tmb-overlay-text-anim tmb-overlay-showed tmb-overlay-anim tmb-content-lateral-left tmb-content-vertical-bottom tmb-content-size-6 tmb-content-lateral-responsive tmb-content-left tmb-image-color-anim tmb-image-anim tmb-bordered  tmb-id-59389 tmb-img-ratio tmb-content-lateral tmb-media-first\" ><div class=\"t-inside style-color-lxmt-bg no-anim\" ><div class=\"t-entry-visual\"><div class=\"t-entry-visual-tc\"><div class=\"t-entry-visual-cont\"><div class=\"dummy\" style=\"padding-top: 66.7%;\"><\/div><a role=\"button\" tabindex=\"-1\" href=\"https:\/\/www.bd-i.de\/en\/portfolio\/nature-of-fashion-design-for-transformation\/\" class=\"pushed\" target=\"_self\" data-lb-index=\"0\"><div class=\"t-entry-visual-overlay\"><div class=\"t-entry-visual-overlay-in style-accent-bg\" style=\"opacity: 0.01;\"><\/div><\/div><img decoding=\"async\" class=\"wp-image-59591\" src=\"https:\/\/www.bd-i.de\/gmbh\/wp-content\/uploads\/2025\/10\/Nature-of-Fashion-COVER-scaled-uai-2494x1663.png\" width=\"2494\" height=\"1663\" alt=\"\" \/><\/a><\/div>\n\t\t\t\t\t<\/div>\n\t\t\t\t<\/div><div class=\"t-entry-text\">\n\t\t\t\t\t\t\t\t\t<div class=\"t-entry-text-tc double-block-padding\"><div class=\"t-entry\"><h3 class=\"t-entry-title h2 title-scale \"><a href=\"https:\/\/www.bd-i.de\/en\/portfolio\/nature-of-fashion-design-for-transformation\/\" target=\"_self\">Nature of Fashion: Design for Transformation<\/a><\/h3><\/div><\/div>\n\t\t\t\t\t\t\t<\/div><\/div><\/div><div class=\"tmb tmb-carousel atc-typography-inherit tmb-iso-h33 tmb-light tmb-text-showed tmb-overlay-text-anim tmb-overlay-showed tmb-overlay-anim tmb-content-lateral-left tmb-content-vertical-bottom tmb-content-size-6 tmb-content-lateral-responsive tmb-content-left tmb-image-color-anim tmb-image-anim tmb-bordered  tmb-id-58975 tmb-img-ratio tmb-content-lateral tmb-media-first\" ><div class=\"t-inside style-color-lxmt-bg no-anim\" ><div class=\"t-entry-visual\"><div class=\"t-entry-visual-tc\"><div class=\"t-entry-visual-cont\"><div class=\"dummy\" style=\"padding-top: 66.7%;\"><\/div><a role=\"button\" tabindex=\"-1\" href=\"https:\/\/www.bd-i.de\/en\/portfolio\/bd-i-x-amd-x-milani-circular-work-wear-corporate-fashion\/\" class=\"pushed\" target=\"_self\" data-lb-index=\"1\"><div class=\"t-entry-visual-overlay\"><div class=\"t-entry-visual-overlay-in style-accent-bg\" style=\"opacity: 0.01;\"><\/div><\/div><img decoding=\"async\" class=\"wp-image-58976\" src=\"https:\/\/www.bd-i.de\/gmbh\/wp-content\/uploads\/2021\/10\/Work-Wear-Corporate-Fashion_amd-x-b-di-x-milani_neu-uai-2548x1699.jpg\" width=\"2548\" height=\"1699\" alt=\"\" \/><\/a><\/div>\n\t\t\t\t\t<\/div>\n\t\t\t\t<\/div><div class=\"t-entry-text\">\n\t\t\t\t\t\t\t\t\t<div class=\"t-entry-text-tc double-block-padding\"><div class=\"t-entry\"><h3 class=\"t-entry-title h2 title-scale \"><a href=\"https:\/\/www.bd-i.de\/en\/portfolio\/bd-i-x-amd-x-milani-circular-work-wear-corporate-fashion\/\" target=\"_self\">AMD x milani x Beneficial Design Institute \u2013 CIRCULAR WORK WEAR &#038; CORPORATE FASHION<\/a><\/h3><\/div><\/div>\n\t\t\t\t\t\t\t<\/div><\/div><\/div><div class=\"tmb tmb-carousel atc-typography-inherit tmb-iso-h33 tmb-light tmb-text-showed tmb-overlay-text-anim tmb-overlay-showed tmb-overlay-anim tmb-content-lateral-left tmb-content-vertical-bottom tmb-content-size-6 tmb-content-lateral-responsive tmb-content-left tmb-image-color-anim tmb-image-anim tmb-bordered  tmb-id-58953 tmb-img-ratio tmb-content-lateral tmb-media-first\" ><div class=\"t-inside style-color-lxmt-bg no-anim\" ><div class=\"t-entry-visual\"><div class=\"t-entry-visual-tc\"><div class=\"t-entry-visual-cont\"><div class=\"dummy\" style=\"padding-top: 66.7%;\"><\/div><a role=\"button\" tabindex=\"-1\" href=\"https:\/\/www.bd-i.de\/en\/portfolio\/202030-the-berlin-fashion-summit-2-ecosystems\/\" class=\"pushed\" target=\"_self\" data-lb-index=\"2\"><div class=\"t-entry-visual-overlay\"><div class=\"t-entry-visual-overlay-in style-accent-bg\" style=\"opacity: 0.01;\"><\/div><\/div><img decoding=\"async\" class=\"wp-image-59003\" src=\"https:\/\/www.bd-i.de\/gmbh\/wp-content\/uploads\/2021\/10\/202030Summit_cover-uai-1590x1060.jpg\" width=\"1590\" height=\"1060\" alt=\"\" \/><\/a><\/div>\n\t\t\t\t\t<\/div>\n\t\t\t\t<\/div><div class=\"t-entry-text\">\n\t\t\t\t\t\t\t\t\t<div class=\"t-entry-text-tc double-block-padding\"><div class=\"t-entry\"><h3 class=\"t-entry-title h2 title-scale \"><a href=\"https:\/\/www.bd-i.de\/en\/portfolio\/202030-the-berlin-fashion-summit-2-ecosystems\/\" target=\"_self\">202030 \u2013 The Berlin Fashion Summit #2 ECOSYSTEMS \u2013 How to implement Positive Impact<\/a><\/h3><\/div><\/div>\n\t\t\t\t\t\t\t<\/div><\/div><\/div><div class=\"tmb tmb-carousel atc-typography-inherit tmb-iso-h33 tmb-light tmb-text-showed tmb-overlay-text-anim tmb-overlay-showed tmb-overlay-anim tmb-content-lateral-left tmb-content-vertical-bottom tmb-content-size-6 tmb-content-lateral-responsive tmb-content-left tmb-image-color-anim tmb-image-anim tmb-bordered  tmb-id-58779 tmb-img-ratio tmb-content-lateral tmb-media-first\" ><div class=\"t-inside style-color-lxmt-bg no-anim\" ><div class=\"t-entry-visual\"><div class=\"t-entry-visual-tc\"><div class=\"t-entry-visual-cont\"><div class=\"dummy\" style=\"padding-top: 66.7%;\"><\/div><a role=\"button\" tabindex=\"-1\" href=\"https:\/\/www.bd-i.de\/en\/portfolio\/202030-the-berlin-fashion-summit-envision-encourage-future-fashion-systems-1\/\" class=\"pushed\" target=\"_self\" data-lb-index=\"3\"><div class=\"t-entry-visual-overlay\"><div class=\"t-entry-visual-overlay-in style-accent-bg\" style=\"opacity: 0.01;\"><\/div><\/div><img decoding=\"async\" class=\"wp-image-58781\" src=\"https:\/\/www.bd-i.de\/gmbh\/wp-content\/uploads\/2021\/03\/202030_group_logo-scaled-uai-2548x1699.jpg\" width=\"2548\" height=\"1699\" alt=\"\" \/><\/a><\/div>\n\t\t\t\t\t<\/div>\n\t\t\t\t<\/div><div class=\"t-entry-text\">\n\t\t\t\t\t\t\t\t\t<div class=\"t-entry-text-tc double-block-padding\"><div class=\"t-entry\"><h3 class=\"t-entry-title h2 title-scale \"><a href=\"https:\/\/www.bd-i.de\/en\/portfolio\/202030-the-berlin-fashion-summit-envision-encourage-future-fashion-systems-1\/\" target=\"_self\">202030 \u2013 The Berlin Fashion Summit  #1 Envision &#038; Encourage Future Fashion Systems<\/a><\/h3><\/div><\/div>\n\t\t\t\t\t\t\t<\/div><\/div><\/div><div class=\"tmb tmb-carousel atc-typography-inherit tmb-iso-h33 tmb-light tmb-text-showed tmb-overlay-text-anim tmb-overlay-showed tmb-overlay-anim tmb-content-lateral-left tmb-content-vertical-bottom tmb-content-size-6 tmb-content-lateral-responsive tmb-content-left tmb-image-color-anim tmb-image-anim tmb-bordered  tmb-id-58718 tmb-img-ratio tmb-content-lateral tmb-media-first\" ><div class=\"t-inside style-color-lxmt-bg no-anim\" ><div class=\"t-entry-visual\"><div class=\"t-entry-visual-tc\"><div class=\"t-entry-visual-cont\"><div class=\"dummy\" style=\"padding-top: 66.7%;\"><\/div><a role=\"button\" tabindex=\"-1\" href=\"https:\/\/www.bd-i.de\/en\/portfolio\/fair-fashion-guide-neuauflage\/\" class=\"pushed\" target=\"_self\" data-lb-index=\"4\"><div class=\"t-entry-visual-overlay\"><div class=\"t-entry-visual-overlay-in style-accent-bg\" style=\"opacity: 0.01;\"><\/div><\/div><img decoding=\"async\" class=\"wp-image-58726\" src=\"https:\/\/www.bd-i.de\/gmbh\/wp-content\/uploads\/2020\/11\/FairFashionGuide-2.Auflage_Seite_01-e1605710550167-uai-849x566.jpg\" width=\"849\" height=\"566\" alt=\"\" \/><\/a><\/div>\n\t\t\t\t\t<\/div>\n\t\t\t\t<\/div><div class=\"t-entry-text\">\n\t\t\t\t\t\t\t\t\t<div class=\"t-entry-text-tc double-block-padding\"><div class=\"t-entry\"><h3 class=\"t-entry-title h2 title-scale \"><a href=\"https:\/\/www.bd-i.de\/en\/portfolio\/fair-fashion-guide-neuauflage\/\" target=\"_self\">Fair Fashion Guide \u2013 Neuauflage<\/a><\/h3><\/div><\/div>\n\t\t\t\t\t\t\t<\/div><\/div><\/div><div class=\"tmb tmb-carousel atc-typography-inherit tmb-iso-h33 tmb-light tmb-text-showed tmb-overlay-text-anim tmb-overlay-showed tmb-overlay-anim tmb-content-lateral-left tmb-content-vertical-bottom tmb-content-size-6 tmb-content-lateral-responsive tmb-content-left tmb-image-color-anim tmb-image-anim tmb-bordered  tmb-id-58313 tmb-img-ratio tmb-content-lateral tmb-media-first\" ><div class=\"t-inside style-color-lxmt-bg no-anim\" ><div class=\"t-entry-visual\"><div class=\"t-entry-visual-tc\"><div class=\"t-entry-visual-cont\"><div class=\"dummy\" style=\"padding-top: 66.7%;\"><\/div><a role=\"button\" tabindex=\"-1\" href=\"https:\/\/www.bd-i.de\/en\/portfolio\/wie-die-mode-der-zukunft-umweltvertraeglich-wird\/\" class=\"pushed\" target=\"_self\" data-lb-index=\"5\"><div class=\"t-entry-visual-overlay\"><div class=\"t-entry-visual-overlay-in style-accent-bg\" style=\"opacity: 0.01;\"><\/div><\/div><img decoding=\"async\" class=\"wp-image-58661\" src=\"https:\/\/www.bd-i.de\/gmbh\/wp-content\/uploads\/2020\/02\/BMU-Einladung_Website-e1604519344885-uai-1890x1260.jpg\" width=\"1890\" height=\"1260\" alt=\"\" \/><\/a><\/div>\n\t\t\t\t\t<\/div>\n\t\t\t\t<\/div><div class=\"t-entry-text\">\n\t\t\t\t\t\t\t\t\t<div class=\"t-entry-text-tc double-block-padding\"><div class=\"t-entry\"><h3 class=\"t-entry-title h2 title-scale \"><a href=\"https:\/\/www.bd-i.de\/en\/portfolio\/wie-die-mode-der-zukunft-umweltvertraeglich-wird\/\" target=\"_self\">Wie die Mode der Zukunft umweltvertr\u00e4glich wird<\/a><\/h3><\/div><\/div>\n\t\t\t\t\t\t\t<\/div><\/div><\/div><div class=\"tmb tmb-carousel atc-typography-inherit tmb-iso-h33 tmb-light tmb-text-showed tmb-overlay-text-anim tmb-overlay-showed tmb-overlay-anim tmb-content-lateral-left tmb-content-vertical-bottom tmb-content-size-6 tmb-content-lateral-responsive tmb-content-left tmb-image-color-anim tmb-image-anim tmb-bordered  tmb-id-58219 tmb-img-ratio tmb-content-lateral tmb-media-first\" ><div class=\"t-inside style-color-lxmt-bg no-anim\" ><div class=\"t-entry-visual\"><div class=\"t-entry-visual-tc\"><div class=\"t-entry-visual-cont\"><div class=\"dummy\" style=\"padding-top: 66.6%;\"><\/div><a role=\"button\" tabindex=\"-1\" href=\"https:\/\/www.bd-i.de\/en\/portfolio\/fast-fashion-eine-bilanz-in-3-teilen\/\" class=\"pushed\" target=\"_self\" data-lb-index=\"6\"><div class=\"t-entry-visual-overlay\"><div class=\"t-entry-visual-overlay-in style-accent-bg\" style=\"opacity: 0.01;\"><\/div><\/div><img decoding=\"async\" class=\"wp-image-58223\" src=\"https:\/\/www.bd-i.de\/gmbh\/wp-content\/uploads\/2017\/04\/Bildschirmfoto-2019-06-12-um-15.13.36-e1604519759170-uai-1130x753.jpg\" width=\"1130\" height=\"753\" alt=\"\" \/><\/a><\/div>\n\t\t\t\t\t<\/div>\n\t\t\t\t<\/div><div class=\"t-entry-text\">\n\t\t\t\t\t\t\t\t\t<div class=\"t-entry-text-tc double-block-padding\"><div class=\"t-entry\"><h3 class=\"t-entry-title h2 title-scale \"><a href=\"https:\/\/www.bd-i.de\/en\/portfolio\/fast-fashion-eine-bilanz-in-3-teilen\/\" target=\"_self\">Fast Fashion \u2013 Eine Bilanz in 3 Teilen<\/a><\/h3><\/div><\/div>\n\t\t\t\t\t\t\t<\/div><\/div><\/div><div class=\"tmb tmb-carousel atc-typography-inherit tmb-iso-h33 tmb-light tmb-text-showed tmb-overlay-text-anim tmb-overlay-showed tmb-overlay-anim tmb-content-lateral-left tmb-content-vertical-bottom tmb-content-size-6 tmb-content-lateral-responsive tmb-content-left tmb-image-color-anim tmb-image-anim tmb-bordered  tmb-id-58147 tmb-img-ratio tmb-content-lateral tmb-media-first\" ><div class=\"t-inside style-color-lxmt-bg no-anim\" ><div class=\"t-entry-visual\"><div class=\"t-entry-visual-tc\"><div class=\"t-entry-visual-cont\"><div class=\"dummy\" style=\"padding-top: 66.7%;\"><\/div><a role=\"button\" tabindex=\"-1\" href=\"https:\/\/www.bd-i.de\/en\/portfolio\/presseinformation-c2c-textilien-gesund-fuer-die-menschen-sicher-fuer-die-umwelt\/\" class=\"pushed\" target=\"_self\" data-lb-index=\"7\"><div class=\"t-entry-visual-overlay\"><div class=\"t-entry-visual-overlay-in style-accent-bg\" style=\"opacity: 0.01;\"><\/div><\/div><img decoding=\"async\" class=\"wp-image-58199\" src=\"https:\/\/www.bd-i.de\/gmbh\/wp-content\/uploads\/2017\/04\/1-uai-1093x729.jpg\" width=\"1093\" height=\"729\" alt=\"\" \/><\/a><\/div>\n\t\t\t\t\t<\/div>\n\t\t\t\t<\/div><div class=\"t-entry-text\">\n\t\t\t\t\t\t\t\t\t<div class=\"t-entry-text-tc double-block-padding\"><div class=\"t-entry\"><h3 class=\"t-entry-title h2 title-scale \"><a href=\"https:\/\/www.bd-i.de\/en\/portfolio\/presseinformation-c2c-textilien-gesund-fuer-die-menschen-sicher-fuer-die-umwelt\/\" target=\"_self\">Presseinformation \u2013 C2C-Textilien: Gesund f\u00fcr die Menschen, sicher f\u00fcr die Umwelt<\/a><\/h3><\/div><\/div>\n\t\t\t\t\t\t\t<\/div><\/div><\/div><div class=\"tmb tmb-carousel atc-typography-inherit tmb-iso-h33 tmb-light tmb-text-showed tmb-overlay-text-anim tmb-overlay-showed tmb-overlay-anim tmb-content-lateral-left tmb-content-vertical-bottom tmb-content-size-6 tmb-content-lateral-responsive tmb-content-left tmb-image-color-anim tmb-image-anim tmb-bordered  tmb-id-57012 tmb-img-ratio tmb-content-lateral tmb-media-first\" ><div class=\"t-inside style-color-lxmt-bg no-anim\" ><div class=\"t-entry-visual\"><div class=\"t-entry-visual-tc\"><div class=\"t-entry-visual-cont\"><div class=\"dummy\" style=\"padding-top: 66.6%;\"><\/div><a role=\"button\" tabindex=\"-1\" href=\"https:\/\/www.bd-i.de\/en\/portfolio\/junge-akademie-workshop-humanmoderne\/\" class=\"pushed\" target=\"_self\" data-lb-index=\"8\"><div class=\"t-entry-visual-overlay\"><div class=\"t-entry-visual-overlay-in style-accent-bg\" style=\"opacity: 0.01;\"><\/div><\/div><img decoding=\"async\" class=\"wp-image-57014\" src=\"https:\/\/www.bd-i.de\/gmbh\/wp-content\/uploads\/2018\/03\/ADK1-uai-1280x853.jpg\" width=\"1280\" height=\"853\" alt=\"\" \/><\/a><\/div>\n\t\t\t\t\t<\/div>\n\t\t\t\t<\/div><div class=\"t-entry-text\">\n\t\t\t\t\t\t\t\t\t<div class=\"t-entry-text-tc double-block-padding\"><div class=\"t-entry\"><h3 class=\"t-entry-title h2 title-scale \"><a href=\"https:\/\/www.bd-i.de\/en\/portfolio\/junge-akademie-workshop-humanmoderne\/\" target=\"_self\">Junge Akademie: Workshop HumanMODERne<\/a><\/h3><\/div><\/div>\n\t\t\t\t\t\t\t<\/div><\/div><\/div><div class=\"tmb tmb-carousel atc-typography-inherit tmb-iso-h33 tmb-light tmb-text-showed tmb-overlay-text-anim tmb-overlay-showed tmb-overlay-anim tmb-content-lateral-left tmb-content-vertical-bottom tmb-content-size-6 tmb-content-lateral-responsive tmb-content-left tmb-image-color-anim tmb-image-anim tmb-bordered  tmb-id-56991 tmb-img-ratio tmb-content-lateral tmb-media-first\" ><div class=\"t-inside style-color-lxmt-bg no-anim\" ><div class=\"t-entry-visual\"><div class=\"t-entry-visual-tc\"><div class=\"t-entry-visual-cont\"><div class=\"dummy\" style=\"padding-top: 66.7%;\"><\/div><a role=\"button\" tabindex=\"-1\" href=\"https:\/\/www.bd-i.de\/en\/portfolio\/manufactum-cradle-to-cradle\/\" class=\"pushed\" target=\"_self\" data-lb-index=\"9\"><div class=\"t-entry-visual-overlay\"><div class=\"t-entry-visual-overlay-in style-accent-bg\" style=\"opacity: 0.01;\"><\/div><\/div><img decoding=\"async\" class=\"wp-image-57008\" src=\"https:\/\/www.bd-i.de\/gmbh\/wp-content\/uploads\/2018\/03\/Manufactum-IdaRicardo-1-uai-996x664.jpg\" width=\"996\" height=\"664\" alt=\"\" \/><\/a><\/div>\n\t\t\t\t\t<\/div>\n\t\t\t\t<\/div><div class=\"t-entry-text\">\n\t\t\t\t\t\t\t\t\t<div class=\"t-entry-text-tc double-block-padding\"><div class=\"t-entry\"><h3 class=\"t-entry-title h2 title-scale \"><a href=\"https:\/\/www.bd-i.de\/en\/portfolio\/manufactum-cradle-to-cradle\/\" target=\"_self\">Launch: Manufactum Cradle to Cradle Products<\/a><\/h3><\/div><\/div>\n\t\t\t\t\t\t\t<\/div><\/div><\/div>\t\t<\/div>\t\n\t\n\n\t<\/div>\t\t\t\t<\/div>\n<\/div><\/div><\/div><\/div><\/div><script id=\"script-row-unique-1\" data-row=\"script-row-unique-1\" type=\"text\/javascript\" class=\"vc_controls\">UNCODE.initRow(document.getElementById(\"row-unique-1\"));<\/script><\/div><\/div><\/div><div data-parent=\"true\" class=\"vc_row row-container boomapps_vcrow\" id=\"row-unique-2\"><div class=\"row limit-width row-parent\"><div class=\"wpb_row row-inner\"><div class=\"wpb_column pos-top pos-center align_center column_parent col-lg-12 boomapps_vccolumn single-internal-gutter\"><div class=\"uncol style-light\"  ><div class=\"uncoltable\"><div class=\"uncell  boomapps_vccolumn no-block-padding\" ><div class=\"uncont\" ><div class=\"vc_custom_heading_wrap \"><div class=\"heading-text el-text\" ><h2 class=\"font-377884 h5 font-weight-400 text-uppercase\" ><span><a href=\"http:\/\/www.bd-i.de\/activities\/\">Activities<\/a><\/span><\/h2><\/div><div class=\"clear\"><\/div><\/div><div id=\"index-117309\" class=\"isotope-system isotope-general-light grid-general-light\" >\n\t\t\t\n\t\t\t\t\t\t\t\t\t\t\t\t\t\t<div class=\"isotope-wrapper grid-wrapper single-gutter\" >\t\t\t\t\t\t\t\t\t\t\t\t<div class=\"isotope-container grid-container isotope-layout style-masonry isotope-pagination grid-pagination\" data-type=\"masonry\" data-layout=\"masonry\" data-lg=\"1000\" data-md=\"600\" data-sm=\"480\" data-vp-height=\"\">\t\t\t<div class=\"tmb atc-typography-inherit tmb-iso-w4 tmb-iso-h4 tmb-light tmb-overlay-text-anim tmb-overlay-anim tmb-content-left tmb-image-anim tmb-bordered  grid-cat-61 tmb-id-59691 tmb-content-under tmb-media-first tmb-no-bg\" ><div class=\"t-inside no-anim\" ><div class=\"t-entry-visual\"><div class=\"t-entry-visual-tc\"><div class=\"t-entry-visual-cont\"><div class=\"dummy\" style=\"padding-top: 66.7%;\"><\/div><a role=\"button\" tabindex=\"-1\" href=\"https:\/\/www.bd-i.de\/en\/fashion-for-democracy-design-for-better-lives-agora-gathering-12-12-2025\/\" class=\"pushed\" target=\"_self\" data-lb-index=\"0\"><div class=\"t-entry-visual-overlay\"><div class=\"t-entry-visual-overlay-in style-dark-bg\" style=\"opacity: 0.5;\"><\/div><\/div><img decoding=\"async\" class=\"wp-image-59699\" src=\"https:\/\/www.bd-i.de\/gmbh\/wp-content\/uploads\/2026\/01\/03_Agora_FFD-scaled.png\" width=\"2560\" height=\"1707\" alt=\"\" srcset=\"https:\/\/www.bd-i.de\/gmbh\/wp-content\/uploads\/2026\/01\/03_Agora_FFD-scaled.png 2560w, https:\/\/www.bd-i.de\/gmbh\/wp-content\/uploads\/2026\/01\/03_Agora_FFD-300x200.png 300w, https:\/\/www.bd-i.de\/gmbh\/wp-content\/uploads\/2026\/01\/03_Agora_FFD-1024x683.png 1024w, https:\/\/www.bd-i.de\/gmbh\/wp-content\/uploads\/2026\/01\/03_Agora_FFD-768x512.png 768w, https:\/\/www.bd-i.de\/gmbh\/wp-content\/uploads\/2026\/01\/03_Agora_FFD-1536x1024.png 1536w, https:\/\/www.bd-i.de\/gmbh\/wp-content\/uploads\/2026\/01\/03_Agora_FFD-2048x1366.png 2048w, https:\/\/www.bd-i.de\/gmbh\/wp-content\/uploads\/2026\/01\/03_Agora_FFD-18x12.png 18w, https:\/\/www.bd-i.de\/gmbh\/wp-content\/uploads\/2026\/01\/03_Agora_FFD-350x233.png 350w\" sizes=\"(max-width: 2560px) 100vw, 2560px\" \/><\/a><\/div>\n\t\t\t\t\t<\/div>\n\t\t\t\t<\/div><div class=\"t-entry-text\">\n\t\t\t\t\t\t\t\t\t<div class=\"t-entry-text-tc single-block-padding\"><div class=\"t-entry\"><p class=\"t-entry-meta\"><span class=\"t-entry-date\">15. January 2026<\/span><\/p><h3 class=\"t-entry-title h2 title-scale \"><a href=\"https:\/\/www.bd-i.de\/en\/fashion-for-democracy-design-for-better-lives-agora-gathering-12-12-2025\/\" target=\"_self\">Fashion For Democracy: Design for Better Lives \u2013 AGORA &#038; Gathering 12.12.2025<\/a><\/h3><hr class=\"separator-reduced\" \/><div class=\"t-entry-excerpt \"><p>The Fashion For Democracy team hosted our first AGORA event on 12 December, 2025 at the historic Designhaus in Darmstadt, funded by Wissenschaftstadt Darmstadt. With project partner Hessen Design e.V., we welcomed two dozen international guests in a hybrid discussion and workshop, addressing core questions on fashion\u2019s potential as an agent of democracy.\u00a0<\/p>\n<\/div><p class=\"t-entry-meta\"><span class=\"t-entry-category t-entry-tax\"><i class=\"fa fa-archive2 fa-push-right\"><\/i><a href=\"https:\/\/www.bd-i.de\/en\/category\/events\/\">Events<\/a><\/span><\/p><p class=\"t-entry-readmore btn-container\"><a href=\"https:\/\/www.bd-i.de\/en\/fashion-for-democracy-design-for-better-lives-agora-gathering-12-12-2025\/\" class=\"btn btn-default btn-circle \" target=\"_self\">Read More<\/a><\/p><\/div><\/div>\n\t\t\t\t\t\t\t<\/div><\/div><\/div><div class=\"tmb atc-typography-inherit tmb-iso-w4 tmb-iso-h4 tmb-light tmb-overlay-text-anim tmb-overlay-anim tmb-content-left tmb-image-anim tmb-bordered  grid-cat-61 tmb-id-59646 tmb-content-under tmb-media-first tmb-no-bg\" ><div class=\"t-inside no-anim\" ><div class=\"t-entry-visual\"><div class=\"t-entry-visual-tc\"><div class=\"t-entry-visual-cont\"><div class=\"dummy\" style=\"padding-top: 67.8%;\"><\/div><a role=\"button\" tabindex=\"-1\" href=\"https:\/\/www.bd-i.de\/en\/from-fabric-to-bioplastic-from-waste-to-value-partnering-meet-up\/\" class=\"pushed\" target=\"_self\" data-lb-index=\"1\"><div class=\"t-entry-visual-overlay\"><div class=\"t-entry-visual-overlay-in style-dark-bg\" style=\"opacity: 0.5;\"><\/div><\/div><img decoding=\"async\" class=\"wp-image-59667\" src=\"https:\/\/www.bd-i.de\/gmbh\/wp-content\/uploads\/2025\/12\/Edited5-scaled.jpg\" width=\"2560\" height=\"1736\" alt=\"\" srcset=\"https:\/\/www.bd-i.de\/gmbh\/wp-content\/uploads\/2025\/12\/Edited5-scaled.jpg 2560w, https:\/\/www.bd-i.de\/gmbh\/wp-content\/uploads\/2025\/12\/Edited5-300x203.jpg 300w, https:\/\/www.bd-i.de\/gmbh\/wp-content\/uploads\/2025\/12\/Edited5-1024x695.jpg 1024w, https:\/\/www.bd-i.de\/gmbh\/wp-content\/uploads\/2025\/12\/Edited5-768x521.jpg 768w, https:\/\/www.bd-i.de\/gmbh\/wp-content\/uploads\/2025\/12\/Edited5-1536x1042.jpg 1536w, https:\/\/www.bd-i.de\/gmbh\/wp-content\/uploads\/2025\/12\/Edited5-2048x1389.jpg 2048w, https:\/\/www.bd-i.de\/gmbh\/wp-content\/uploads\/2025\/12\/Edited5-18x12.jpg 18w, https:\/\/www.bd-i.de\/gmbh\/wp-content\/uploads\/2025\/12\/Edited5-350x237.jpg 350w\" sizes=\"(max-width: 2560px) 100vw, 2560px\" \/><\/a><\/div>\n\t\t\t\t\t<\/div>\n\t\t\t\t<\/div><div class=\"t-entry-text\">\n\t\t\t\t\t\t\t\t\t<div class=\"t-entry-text-tc single-block-padding\"><div class=\"t-entry\"><p class=\"t-entry-meta\"><span class=\"t-entry-date\">25. November 2025<\/span><\/p><h3 class=\"t-entry-title h2 title-scale \"><a href=\"https:\/\/www.bd-i.de\/en\/from-fabric-to-bioplastic-from-waste-to-value-partnering-meet-up\/\" target=\"_self\">&#8218;From Fabric to Bioplastic \u2013 from Waste to Value&#8216; Partnering Meet-up<\/a><\/h3><hr class=\"separator-reduced\" \/><div class=\"t-entry-excerpt \"><p>Im Anschluss an das 6. Abfallvermeidungsforum  des Landes Brandenburg MLEUV in der Staatskanzlei hat das Beneficial Design Institute Partner und Experten entlang der Wertsch\u00f6pfungskette eingeladen, um den Raum f\u00fcr Dialog \u00fcber Synergien, Innovation und regionale Wertsch\u00f6pfung f\u00fcr eine zirkul\u00e4re Bio\u00f6konomie zu er\u00f6ffnen.<\/p>\n<\/div><p class=\"t-entry-meta\"><span class=\"t-entry-category t-entry-tax\"><i class=\"fa fa-archive2 fa-push-right\"><\/i><a href=\"https:\/\/www.bd-i.de\/en\/category\/events\/\">Events<\/a><\/span><\/p><p class=\"t-entry-readmore btn-container\"><a href=\"https:\/\/www.bd-i.de\/en\/from-fabric-to-bioplastic-from-waste-to-value-partnering-meet-up\/\" class=\"btn btn-default btn-circle \" target=\"_self\">Read More<\/a><\/p><\/div><\/div>\n\t\t\t\t\t\t\t<\/div><\/div><\/div><div class=\"tmb atc-typography-inherit tmb-iso-w4 tmb-iso-h4 tmb-light tmb-overlay-text-anim tmb-overlay-anim tmb-content-left tmb-image-anim tmb-bordered  grid-cat-1 grid-cat-85 tmb-id-59614 tmb-content-under tmb-media-first tmb-no-bg\" ><div class=\"t-inside no-anim\" ><div class=\"t-entry-visual\"><div class=\"t-entry-visual-tc\"><div class=\"t-entry-visual-cont\"><div class=\"dummy\" style=\"padding-top: 71.6%;\"><\/div><a role=\"button\" tabindex=\"-1\" href=\"https:\/\/www.bd-i.de\/en\/partnering-meet-up-from-fabric-to-bioplastic-from-waste-to-value\/\" class=\"pushed\" target=\"_self\" data-lb-index=\"2\"><div class=\"t-entry-visual-overlay\"><div class=\"t-entry-visual-overlay-in style-dark-bg\" style=\"opacity: 0.5;\"><\/div><\/div><img decoding=\"async\" class=\"wp-image-59636\" src=\"https:\/\/www.bd-i.de\/gmbh\/wp-content\/uploads\/2025\/11\/Textilabfall-scaled.png\" width=\"2560\" height=\"1833\" alt=\"\" srcset=\"https:\/\/www.bd-i.de\/gmbh\/wp-content\/uploads\/2025\/11\/Textilabfall-scaled.png 2560w, https:\/\/www.bd-i.de\/gmbh\/wp-content\/uploads\/2025\/11\/Textilabfall-300x215.png 300w, https:\/\/www.bd-i.de\/gmbh\/wp-content\/uploads\/2025\/11\/Textilabfall-1024x733.png 1024w, https:\/\/www.bd-i.de\/gmbh\/wp-content\/uploads\/2025\/11\/Textilabfall-768x550.png 768w, https:\/\/www.bd-i.de\/gmbh\/wp-content\/uploads\/2025\/11\/Textilabfall-1536x1100.png 1536w, https:\/\/www.bd-i.de\/gmbh\/wp-content\/uploads\/2025\/11\/Textilabfall-2048x1467.png 2048w, https:\/\/www.bd-i.de\/gmbh\/wp-content\/uploads\/2025\/11\/Textilabfall-18x12.png 18w, https:\/\/www.bd-i.de\/gmbh\/wp-content\/uploads\/2025\/11\/Textilabfall-350x251.png 350w\" sizes=\"(max-width: 2560px) 100vw, 2560px\" \/><\/a><\/div>\n\t\t\t\t\t<\/div>\n\t\t\t\t<\/div><div class=\"t-entry-text\">\n\t\t\t\t\t\t\t\t\t<div class=\"t-entry-text-tc single-block-padding\"><div class=\"t-entry\"><p class=\"t-entry-meta\"><span class=\"t-entry-date\">25. November 2025<\/span><\/p><h3 class=\"t-entry-title h2 title-scale \"><a href=\"https:\/\/www.bd-i.de\/en\/partnering-meet-up-from-fabric-to-bioplastic-from-waste-to-value\/\" target=\"_self\">From Textile Waste to Bioplastic \u2013 Exploring the Feasibility<\/a><\/h3><hr class=\"separator-reduced\" \/><div class=\"t-entry-excerpt \"><p>Gemeinsame Pressemitteilung von Fraunhofer IAP und Beneficial Design Institute \u2013 Wie werden Textilabf\u00e4lle zu wertvollen Rohstoffen f\u00fcr Biokunststoffe? Dieser Frage widmet sich das erste Partnering Meet-up im Anschluss an das 6. Abfallvermeidungforums des MLEUVs in Potsdam.<\/p>\n<\/div><p class=\"t-entry-meta\"><span class=\"t-entry-category t-entry-tax\"><i class=\"fa fa-archive2 fa-push-right\"><\/i><a href=\"https:\/\/www.bd-i.de\/en\/category\/news\/\">News<\/a><span class=\"cat-comma\">,<\/span><\/span><span class=\"t-entry-category t-entry-tax\"><a href=\"https:\/\/www.bd-i.de\/en\/category\/publications\/\">Publications<\/a><\/span><\/p><p class=\"t-entry-readmore btn-container\"><a href=\"https:\/\/www.bd-i.de\/en\/partnering-meet-up-from-fabric-to-bioplastic-from-waste-to-value\/\" class=\"btn btn-default btn-circle \" target=\"_self\">Read More<\/a><\/p><\/div><\/div>\n\t\t\t\t\t\t\t<\/div><\/div><\/div>\t\t<\/div>\t\n\t\n\n\t<\/div>\t\t\t\t<\/div>\n<\/div><\/div><\/div><\/div><\/div><script id=\"script-row-unique-2\" data-row=\"script-row-unique-2\" type=\"text\/javascript\" class=\"vc_controls\">UNCODE.initRow(document.getElementById(\"row-unique-2\"));<\/script><\/div><\/div><\/div><div data-parent=\"true\" class=\"vc_row row-container boomapps_vcrow\" id=\"row-unique-3\"><div class=\"row limit-width row-parent\"><div class=\"wpb_row row-inner\"><div class=\"wpb_column pos-top pos-center align_left column_parent col-lg-12 boomapps_vccolumn single-internal-gutter\"><div class=\"uncol style-light\"  ><div class=\"uncoltable\"><div class=\"uncell  boomapps_vccolumn no-block-padding\" ><div class=\"uncont\" >\n\t<div class=\"wpb_raw_code wpb_raw_html \" >\n\t\t<div class=\"wpb_wrapper\">\n\t\t\t<script id=\"mcjs\">!function(c,h,i,m,p){m=c.createElement(h),p=c.getElementsByTagName(h)[0],m.async=1,m.src=i,p.parentNode.insertBefore(m,p)}(document,\"script\",\"https:\/\/chimpstatic.com\/mcjs-connected\/js\/users\/cee137ddf56014b38a007715f\/1ec7088b483edef5d6889ee74.js\");<\/script>\n\t\t<\/div>\n\t<\/div>\n<\/div><\/div><\/div><\/div><\/div><script id=\"script-row-unique-3\" data-row=\"script-row-unique-3\" type=\"text\/javascript\" class=\"vc_controls\">UNCODE.initRow(document.getElementById(\"row-unique-3\"));<\/script><\/div><\/div><\/div>\n<\/div>","protected":false},"excerpt":{"rendered":"Vom Textilabfall zum Biokunststoff. Machbar?Neue Perspektiven f\u00fcr die Kreislaufwirtschaft in BrandenburgGemeinsame Pressemitteilung von Fraunhofer IAP und Beneficial Design Institute \/ [...]","protected":false},"author":1,"featured_media":0,"parent":0,"menu_order":0,"comment_status":"closed","ping_status":"closed","template":"","meta":{"footnotes":"","_links_to":"","_links_to_target":""},"class_list":["post-29","page","type-page","status-publish","hentry"],"_links":{"self":[{"href":"https:\/\/www.bd-i.de\/en\/wp-json\/wp\/v2\/pages\/29","targetHints":{"allow":["GET"]}}],"collection":[{"href":"https:\/\/www.bd-i.de\/en\/wp-json\/wp\/v2\/pages"}],"about":[{"href":"https:\/\/www.bd-i.de\/en\/wp-json\/wp\/v2\/types\/page"}],"author":[{"embeddable":true,"href":"https:\/\/www.bd-i.de\/en\/wp-json\/wp\/v2\/users\/1"}],"replies":[{"embeddable":true,"href":"https:\/\/www.bd-i.de\/en\/wp-json\/wp\/v2\/comments?post=29"}],"version-history":[{"count":48,"href":"https:\/\/www.bd-i.de\/en\/wp-json\/wp\/v2\/pages\/29\/revisions"}],"predecessor-version":[{"id":59569,"href":"https:\/\/www.bd-i.de\/en\/wp-json\/wp\/v2\/pages\/29\/revisions\/59569"}],"wp:attachment":[{"href":"https:\/\/www.bd-i.de\/en\/wp-json\/wp\/v2\/media?parent=29"}],"curies":[{"name":"wp","href":"https:\/\/api.w.org\/{rel}","templated":true}]}}